

{"id":5915,"date":"2025-05-26T14:44:02","date_gmt":"2025-05-26T14:44:02","guid":{"rendered":"https:\/\/craterre.org\/case\/proposition-dinscription-des-rocas-de-sao-tome-et-principe\/"},"modified":"2025-05-26T14:44:02","modified_gmt":"2025-05-26T14:44:02","slug":"proposition-dinscription-des-rocas-de-sao-tome-et-principe","status":"publish","type":"avada_portfolio","link":"https:\/\/craterre.org\/en\/case\/proposition-dinscription-des-rocas-de-sao-tome-et-principe\/","title":{"rendered":"Proposition d\u2019inscription des Ro\u00e7as de Sao Tom\u00e9-et-Principe"},"content":{"rendered":"<h2 class=\"\" data-fontsize=\"34\" data-lineheight=\"38.0833px\">Objectives<\/h2>\n<p>Sao Tom\u00e9-et-Principe est l\u2019un des rares pays n\u2019ayant aucun bien inscrit sur la Liste du patrimoine mondial et les ro\u00e7as ont \u00e9t\u00e9 retenues en 2022 par le Gouvernement de Sao Tom\u00e9-et-Principe pour \u00eatre le premier dossier devant \u00eatre d\u00e9pos\u00e9 \u00e0 l\u2019UNESCO. La r\u00e9daction de la proposition a \u00e9t\u00e9 confi\u00e9e par l\u2019UNESCO \u00e0 CRAterre qui a travaill\u00e9 11 mois au montage du dossier avec les acteurs locaux du patrimoine, de f\u00e9vrier \u00e0 novembre 2024.<\/p>\n<p>Le bien inscrit est un bien en s\u00e9rie constitu\u00e9 de 6 ro\u00e7as : Monte Caf\u00e9, Agua Iz\u00e9, Diogo Vaz et Sao Joao sur l\u2019\u00eele de Sao Tom\u00e9 puis Sundy et Belo Monte sur l\u2019\u00eele de Principe. La justification de cette proposition s\u2019articule autour de l\u2019id\u00e9e que les ro\u00e7as, domaines agricoles industrialis\u00e9s de S\u00e3o Tom\u00e9-et-Principe, illustrent la transition du travail forc\u00e9 apr\u00e8s l\u2019abolition de l\u2019esclavage, exploitant les populations africaines pour maximiser les profits europ\u00e9ens, m\u00eame apr\u00e8s l\u2019abolition officielle de l\u2019esclavage en 1875. Le travail minutieux sur la bibliographie et les recherches en cours ont permis de d\u00e9compter plus de 320000 personnes qui se sont retrouv\u00e9es d\u00e9racin\u00e9es de leurs patries et coup\u00e9es de leurs familles pour travailler dans des conditions de travail d\u2019une extr\u00eame s\u00e9v\u00e9rit\u00e9. L\u2019autre crit\u00e8re d\u00e9fendu est celui d\u2019un agriculture privil\u00e9giant l\u2019agroforesterie, qui associe aujourd\u2019hui les cacaoyers et caf\u00e9iers \u00e0 des grands arbres, favorise la biodiversit\u00e9, am\u00e9liore la fertilit\u00e9 du sol et produit des r\u00e9coltes biologiques de qualit\u00e9.<\/p>\n<h2 class=\"fusion-responsive-typography-calculated\" data-fontsize=\"34\" data-lineheight=\"38.0833px\">Results<\/h2>\n<ul>\n<li>6 ro\u00e7as propos\u00e9s \u00e0 l\u2019inscription sur la Liste du patrimoine mondial<\/li>\n<li>3 ateliers r\u00e9alis\u00e9s avec les parties prenantes<\/li>\n<li>6missions sur le terrain afin de r\u00e9aliser la documentation des biens et de rencontrer les parties prenantes<\/li>\n<li>164 pages de dossier de proposition d\u2019inscription contenant 309 illustrations (pour la plupart in\u00e9dites), de nombreuses cartes et plans des ro\u00e7as dessin\u00e9s pour cette proposition<\/li>\n<\/ul>\n<h2 class=\"\" data-fontsize=\"34\" data-lineheight=\"38.0833px\">Partenaire<\/h2>\n<p>Minist\u00e8re de l\u2019\u00c9ducation, de la Culture et des Sciences de Sao Tom\u00e9-et-Pincipe<\/p>\n<h2 class=\"\" data-fontsize=\"34\" data-lineheight=\"38.0833px\">Financements<\/h2>\n<p>UNESCO<\/p>","protected":false},"excerpt":{"rendered":"<p>Objectifs Sao Tom\u00e9-et-Principe est l\u2019un des rares pays n\u2019ayant aucun [&hellip;]<\/p>","protected":false},"author":2,"featured_media":5911,"menu_order":0,"comment_status":"closed","ping_status":"closed","template":"","format":"standard","meta":[],"portfolio_category":[28],"portfolio_skills":[],"portfolio_tags":[],"yoast_head":"<!-- This site is optimized with the Yoast SEO plugin v21.2 - https:\/\/yoast.com\/wordpress\/plugins\/seo\/ -->\n<title>Proposition d\u2019inscription des Ro\u00e7as de Sao Tom\u00e9-et-Principe - CRAterre<\/title>\n<meta name=\"robots\" content=\"index, follow, max-snippet:-1, max-image-preview:large, max-video-preview:-1\" \/>\n<link rel=\"canonical\" href=\"https:\/\/craterre.org\/en\/case\/proposition-dinscription-des-rocas-de-sao-tome-et-principe\/\" \/>\n<meta property=\"og:locale\" content=\"en_US\" \/>\n<meta property=\"og:type\" content=\"article\" \/>\n<meta property=\"og:title\" content=\"Proposition d\u2019inscription des Ro\u00e7as de Sao Tom\u00e9-et-Principe - CRAterre\" \/>\n<meta property=\"og:description\" content=\"Objectifs Sao Tom\u00e9-et-Principe est l\u2019un des rares pays n\u2019ayant aucun [&hellip;]\" \/>\n<meta property=\"og:url\" content=\"https:\/\/craterre.org\/en\/case\/proposition-dinscription-des-rocas-de-sao-tome-et-principe\/\" \/>\n<meta property=\"og:site_name\" content=\"CRAterre\" \/>\n<meta property=\"article:publisher\" content=\"https:\/\/www.facebook.com\/centrecraterre\" \/>\n<meta property=\"og:image\" content=\"https:\/\/craterre.org\/wp-content\/uploads\/2025\/05\/RocaDioVaz07-MorisetS_CRAterre2024-scaled.jpg\" \/>\n\t<meta property=\"og:image:width\" content=\"2560\" \/>\n\t<meta property=\"og:image:height\" content=\"1437\" \/>\n\t<meta property=\"og:image:type\" content=\"image\/jpeg\" \/>\n<meta name=\"twitter:card\" content=\"summary_large_image\" \/>\n<meta name=\"twitter:label1\" content=\"Est. reading time\" \/>\n\t<meta name=\"twitter:data1\" content=\"2 minutes\" \/>\n<script type=\"application\/ld+json\" class=\"yoast-schema-graph\">{\"@context\":\"https:\/\/schema.org\",\"@graph\":[{\"@type\":\"WebPage\",\"@id\":\"https:\/\/craterre.org\/case\/proposition-dinscription-des-rocas-de-sao-tome-et-principe\/\",\"url\":\"https:\/\/craterre.org\/case\/proposition-dinscription-des-rocas-de-sao-tome-et-principe\/\",\"name\":\"Proposition d\u2019inscription des Ro\u00e7as de Sao Tom\u00e9-et-Principe - CRAterre\",\"isPartOf\":{\"@id\":\"https:\/\/craterre.org\/#website\"},\"datePublished\":\"2025-05-26T14:44:02+00:00\",\"dateModified\":\"2025-05-26T14:44:02+00:00\",\"breadcrumb\":{\"@id\":\"https:\/\/craterre.org\/case\/proposition-dinscription-des-rocas-de-sao-tome-et-principe\/#breadcrumb\"},\"inLanguage\":\"en-US\",\"potentialAction\":[{\"@type\":\"ReadAction\",\"target\":[\"https:\/\/craterre.org\/case\/proposition-dinscription-des-rocas-de-sao-tome-et-principe\/\"]}]},{\"@type\":\"BreadcrumbList\",\"@id\":\"https:\/\/craterre.org\/case\/proposition-dinscription-des-rocas-de-sao-tome-et-principe\/#breadcrumb\",\"itemListElement\":[{\"@type\":\"ListItem\",\"position\":1,\"name\":\"Portfolio\",\"item\":\"https:\/\/craterre.org\/case\/\"},{\"@type\":\"ListItem\",\"position\":2,\"name\":\"Proposition d\u2019inscription des Ro\u00e7as de Sao Tom\u00e9-et-Principe\"}]},{\"@type\":\"WebSite\",\"@id\":\"https:\/\/craterre.org\/#website\",\"url\":\"https:\/\/craterre.org\/\",\"name\":\"CRAterre\",\"description\":\"\",\"publisher\":{\"@id\":\"https:\/\/craterre.org\/#organization\"},\"potentialAction\":[{\"@type\":\"SearchAction\",\"target\":{\"@type\":\"EntryPoint\",\"urlTemplate\":\"https:\/\/craterre.org\/?s={search_term_string}\"},\"query-input\":\"required name=search_term_string\"}],\"inLanguage\":\"en-US\"},{\"@type\":\"Organization\",\"@id\":\"https:\/\/craterre.org\/#organization\",\"name\":\"CRAterre\",\"url\":\"https:\/\/craterre.org\/\",\"logo\":{\"@type\":\"ImageObject\",\"inLanguage\":\"en-US\",\"@id\":\"https:\/\/craterre.org\/#\/schema\/logo\/image\/\",\"url\":\"https:\/\/craterre.org\/wp-content\/uploads\/2024\/04\/CRAterre-logo-indiv.png\",\"contentUrl\":\"https:\/\/craterre.org\/wp-content\/uploads\/2024\/04\/CRAterre-logo-indiv.png\",\"width\":1618,\"height\":661,\"caption\":\"CRAterre\"},\"image\":{\"@id\":\"https:\/\/craterre.org\/#\/schema\/logo\/image\/\"},\"sameAs\":[\"https:\/\/www.facebook.com\/centrecraterre\"]}]}<\/script>\n<!-- \/ Yoast SEO plugin. -->","yoast_head_json":{"title":"Proposition d\u2019inscription des Ro\u00e7as de Sao Tom\u00e9-et-Principe - CRAterre","robots":{"index":"index","follow":"follow","max-snippet":"max-snippet:-1","max-image-preview":"max-image-preview:large","max-video-preview":"max-video-preview:-1"},"canonical":"https:\/\/craterre.org\/en\/case\/proposition-dinscription-des-rocas-de-sao-tome-et-principe\/","og_locale":"en_US","og_type":"article","og_title":"Proposition d\u2019inscription des Ro\u00e7as de Sao Tom\u00e9-et-Principe - CRAterre","og_description":"Objectifs Sao Tom\u00e9-et-Principe est l\u2019un des rares pays n\u2019ayant aucun [&hellip;]","og_url":"https:\/\/craterre.org\/en\/case\/proposition-dinscription-des-rocas-de-sao-tome-et-principe\/","og_site_name":"CRAterre","article_publisher":"https:\/\/www.facebook.com\/centrecraterre","og_image":[{"width":2560,"height":1437,"url":"https:\/\/craterre.org\/wp-content\/uploads\/2025\/05\/RocaDioVaz07-MorisetS_CRAterre2024-scaled.jpg","type":"image\/jpeg"}],"twitter_card":"summary_large_image","twitter_misc":{"Est. reading time":"2 minutes"},"schema":{"@context":"https:\/\/schema.org","@graph":[{"@type":"WebPage","@id":"https:\/\/craterre.org\/case\/proposition-dinscription-des-rocas-de-sao-tome-et-principe\/","url":"https:\/\/craterre.org\/case\/proposition-dinscription-des-rocas-de-sao-tome-et-principe\/","name":"Proposition d\u2019inscription des Ro\u00e7as de Sao Tom\u00e9-et-Principe - CRAterre","isPartOf":{"@id":"https:\/\/craterre.org\/#website"},"datePublished":"2025-05-26T14:44:02+00:00","dateModified":"2025-05-26T14:44:02+00:00","breadcrumb":{"@id":"https:\/\/craterre.org\/case\/proposition-dinscription-des-rocas-de-sao-tome-et-principe\/#breadcrumb"},"inLanguage":"en-US","potentialAction":[{"@type":"ReadAction","target":["https:\/\/craterre.org\/case\/proposition-dinscription-des-rocas-de-sao-tome-et-principe\/"]}]},{"@type":"BreadcrumbList","@id":"https:\/\/craterre.org\/case\/proposition-dinscription-des-rocas-de-sao-tome-et-principe\/#breadcrumb","itemListElement":[{"@type":"ListItem","position":1,"name":"Portfolio","item":"https:\/\/craterre.org\/case\/"},{"@type":"ListItem","position":2,"name":"Proposition d\u2019inscription des Ro\u00e7as de Sao Tom\u00e9-et-Principe"}]},{"@type":"WebSite","@id":"https:\/\/craterre.org\/#website","url":"https:\/\/craterre.org\/","name":"\u200eCRAterre","description":"","publisher":{"@id":"https:\/\/craterre.org\/#organization"},"potentialAction":[{"@type":"SearchAction","target":{"@type":"EntryPoint","urlTemplate":"https:\/\/craterre.org\/?s={search_term_string}"},"query-input":"required name=search_term_string"}],"inLanguage":"en-US"},{"@type":"Organization","@id":"https:\/\/craterre.org\/#organization","name":"\u200eCRAterre","url":"https:\/\/craterre.org\/","logo":{"@type":"ImageObject","inLanguage":"en-US","@id":"https:\/\/craterre.org\/#\/schema\/logo\/image\/","url":"https:\/\/craterre.org\/wp-content\/uploads\/2024\/04\/CRAterre-logo-indiv.png","contentUrl":"https:\/\/craterre.org\/wp-content\/uploads\/2024\/04\/CRAterre-logo-indiv.png","width":1618,"height":661,"caption":"CRAterre"},"image":{"@id":"https:\/\/craterre.org\/#\/schema\/logo\/image\/"},"sameAs":["https:\/\/www.facebook.com\/centrecraterre"]}]}},"_links":{"self":[{"href":"https:\/\/craterre.org\/en\/wp-json\/wp\/v2\/avada_portfolio\/5915"}],"collection":[{"href":"https:\/\/craterre.org\/en\/wp-json\/wp\/v2\/avada_portfolio"}],"about":[{"href":"https:\/\/craterre.org\/en\/wp-json\/wp\/v2\/types\/avada_portfolio"}],"author":[{"embeddable":true,"href":"https:\/\/craterre.org\/en\/wp-json\/wp\/v2\/users\/2"}],"replies":[{"embeddable":true,"href":"https:\/\/craterre.org\/en\/wp-json\/wp\/v2\/comments?post=5915"}],"version-history":[{"count":1,"href":"https:\/\/craterre.org\/en\/wp-json\/wp\/v2\/avada_portfolio\/5915\/revisions"}],"predecessor-version":[{"id":5916,"href":"https:\/\/craterre.org\/en\/wp-json\/wp\/v2\/avada_portfolio\/5915\/revisions\/5916"}],"wp:featuredmedia":[{"embeddable":true,"href":"https:\/\/craterre.org\/en\/wp-json\/wp\/v2\/media\/5911"}],"wp:attachment":[{"href":"https:\/\/craterre.org\/en\/wp-json\/wp\/v2\/media?parent=5915"}],"wp:term":[{"taxonomy":"portfolio_category","embeddable":true,"href":"https:\/\/craterre.org\/en\/wp-json\/wp\/v2\/portfolio_category?post=5915"},{"taxonomy":"portfolio_skills","embeddable":true,"href":"https:\/\/craterre.org\/en\/wp-json\/wp\/v2\/portfolio_skills?post=5915"},{"taxonomy":"portfolio_tags","embeddable":true,"href":"https:\/\/craterre.org\/en\/wp-json\/wp\/v2\/portfolio_tags?post=5915"}],"curies":[{"name":"wp","href":"https:\/\/api.w.org\/{rel}","templated":true}]}}