

{"id":2945,"date":"2025-05-26T15:06:02","date_gmt":"2025-05-26T15:06:02","guid":{"rendered":"https:\/\/craterre.org\/?post_type=avada_portfolio&#038;p=2945"},"modified":"2025-05-26T15:06:02","modified_gmt":"2025-05-26T15:06:02","slug":"conservation-et-mise-en-valeur-de-sites-archeologiques-erebouni-et-karmir-blour","status":"publish","type":"avada_portfolio","link":"https:\/\/craterre.org\/en\/case\/conservation-et-mise-en-valeur-de-sites-archeologiques-erebouni-et-karmir-blour\/","title":{"rendered":"Conservation and enhancement of archaeological sites: Er\u00e9bouni and Karmir Blour"},"content":{"rendered":"<div class=\"fusion-fullwidth fullwidth-box fusion-builder-row-3-1 fusion-flex-container nonhundred-percent-fullwidth non-hundred-percent-height-scrolling\">\n<div class=\"fusion-builder-row fusion-row fusion-flex-align-items-stretch fusion-flex-content-wrap\">\n<div class=\"fusion-layout-column fusion_builder_column fusion-builder-column-4 fusion_builder_column_1_1 1_1 fusion-flex-column\">\n<div class=\"fusion-column-wrapper fusion-column-has-shadow fusion-flex-justify-content-flex-start fusion-content-layout-column\">\n<div class=\"fusion-title title fusion-title-3 fusion-sep-none fusion-title-text fusion-title-size-one\">\n<h1 class=\"fusion-title-heading title-heading-left fusion-responsive-typography-calculated\">Objectives<\/h1>\n<\/div>\n<div class=\"fusion-title title fusion-title-4 fusion-sep-none fusion-title-text fusion-title-size-div\">\n<div class=\"fusion-title-heading title-heading-left title-heading-tag fusion-responsive-typography-calculated\">\n<ul>\n<li class=\"Default\">Set up a training site and launch a raw clay brick production chain on the Karmir Blour site,<\/li>\n<li class=\"Default\">Contribuer \u00e0 la conservation et mise en valeur d\u2019Er\u00e9bouni, le site fondateur d\u2019Erevan, et aussi d\u2019autres sites (Karmir Blour, Shengavit, Dvin\u2026),<\/li>\n<li class=\"Default\">Promote cooperation between various departments of the Town Hall and with the private and academic sectors,<\/li>\n<li class=\"Default\">Renforcer les comp\u00e9tences de la Mairie, du Mus\u00e9e et de son personnel par la coop\u00e9ration avec l\u2019appui de l\u2019AIMF et de partenaires ext\u00e9rieurs,<\/li>\n<li class=\"Default\">Strengthen international collaboration, and in particular Yerevan's place in the French-speaking network.<\/li>\n<\/ul>\n<\/div>\n<\/div>\n<\/div>\n<\/div>\n<div class=\"fusion-layout-column fusion_builder_column fusion-builder-column-5 fusion_builder_column_1_1 1_1 fusion-flex-column\">\n<div class=\"fusion-column-wrapper fusion-column-has-shadow fusion-flex-justify-content-flex-start fusion-content-layout-column\">\n<div class=\"fusion-text fusion-text-1\">\n<p>The City of Yerevan is committed to developing sustainable tourism based on the enhancement of its heritage. To this end, it has worked with its partners on a number of preliminary actions to develop the city's heritage tourism.<\/p>\n<p>En 2017, la Mairie d\u2019Erevan avait sollicit\u00e9 l\u2019appui technique et financier de l\u2019AIMF, pour mettre en \u0153uvre le projet intitul\u00e9 \u00ab Conservation, restauration et mise en valeur du site arch\u00e9ologique d\u2019Erebouni, pour une dynamisation de l\u2019offre touristique \u00e0 Erevan et en Arm\u00e9nie \u00bb.<\/p>\n<p>The project was developed in partnership with the city of Yerevan, the Er\u00e9bouni National Museum and the NGO CRAterre. The project was also supported by the City of Geneva, through its framework agreement with the AIMF.<\/p>\n<p>Cette d\u00e9marche avait converg\u00e9 avec la date anniversaire de la fondation de la ville : les 2800 ans d\u2019Er\u00e9bouni, qu\u2019Erevan a c\u00e9l\u00e9br\u00e9 en 2018 en organisant un \u00e9v\u00e8nement sur le site arch\u00e9ologique et mus\u00e9e de cette citadelle. La Mairie, aux c\u00f4t\u00e9s de nombreux partenaires \u00e9tait d\u00e9termin\u00e9e \u00e0 comm\u00e9morer majestueusement cette date symbolique forte en engageant un projet de conservation et mise en valeur du site d\u2019Er\u00e9bouni ainsi que des actions pour la mise en valeur et diversification de son offre touristique. Une \u00ab r\u00e9volution de velours \u00bb ayant eu lieu en Arm\u00e9nie en mai 2018, les projets de la mairie et la r\u00e9alisation du projet ont connu des difficult\u00e9s. Cependant, conform\u00e9ment au programme de travail, des formations ont \u00e9t\u00e9 r\u00e9alis\u00e9es et des animations et ateliers ont pu \u00eatre pr\u00e9sent\u00e9s lors du XVIIe Sommet de la Francophonie, qui s\u2019est tenu en Arm\u00e9nie en octobre 2018.<\/p>\n<p><iframe title=\"YouTube video player\" src=\"https:\/\/www.youtube.com\/embed\/E4XiecIqTKs?si=0a17FkPHic1muM3x\" width=\"560\" height=\"315\" frameborder=\"0\" allowfullscreen=\"allowfullscreen\"><\/iframe><\/p>\n<\/div>\n<\/div>\n<\/div>\n<\/div>\n<\/div>\n<div class=\"fusion-fullwidth fullwidth-box fusion-builder-row-3-2 fusion-flex-container has-pattern-background has-mask-background nonhundred-percent-fullwidth non-hundred-percent-height-scrolling\">\n<div class=\"fusion-builder-row fusion-row fusion-flex-align-items-flex-start fusion-flex-content-wrap\">\n<div class=\"fusion-layout-column fusion_builder_column fusion-builder-column-6 fusion_builder_column_1_1 1_1 fusion-flex-column\">\n<div class=\"fusion-column-wrapper fusion-column-has-shadow fusion-flex-justify-content-flex-start fusion-content-layout-column\">\n<div><a class=\"fusion-button button-flat fusion-button-default-size button-default fusion-button-default button-1 fusion-button-default-span fusion-button-default-type\" href=\"https:\/\/www.aimf.asso.fr\/actualite\/erevan-le-point-sur-le-projet-de-conservation-du-site-derebouni\/\" target=\"_self\" rel=\"noopener\"><span class=\"fusion-button-text\">Plus d\u2019informations sur le projet<\/span><\/a><\/div>\n<div class=\"fusion-text fusion-text-2\">\n<div id=\"project_view_description\">\n<h2 class=\"fusion-responsive-typography-calculated\" data-fontsize=\"34\" data-lineheight=\"38.08px\">Partners<\/h2>\n<p>City of Yerevan, CRAterre, Erebouni Museum-Historical and Archaeological Reserve, Yerevan Foundation and AIMF<\/p>\n<\/div>\n<\/div>\n<\/div>\n<\/div>\n<\/div>\n<\/div>","protected":false},"excerpt":{"rendered":"<p>Objectifs Mettre en place un chantier \u00e9cole et lancer une [&hellip;]<\/p>","protected":false},"author":2,"featured_media":5920,"menu_order":0,"comment_status":"closed","ping_status":"closed","template":"","format":"standard","meta":[],"portfolio_category":[28],"portfolio_skills":[],"portfolio_tags":[29],"yoast_head":"<!-- This site is optimized with the Yoast SEO plugin v21.2 - https:\/\/yoast.com\/wordpress\/plugins\/seo\/ -->\n<title>Conservation et mise en valeur de sites arch\u00e9ologiques : Er\u00e9bouni et Karmir Blour - CRAterre<\/title>\n<meta name=\"robots\" content=\"index, follow, max-snippet:-1, max-image-preview:large, max-video-preview:-1\" \/>\n<link rel=\"canonical\" href=\"https:\/\/craterre.org\/en\/case\/conservation-et-mise-en-valeur-de-sites-archeologiques-erebouni-et-karmir-blour\/\" \/>\n<meta property=\"og:locale\" content=\"en_US\" \/>\n<meta property=\"og:type\" content=\"article\" \/>\n<meta property=\"og:title\" content=\"Conservation et mise en valeur de sites arch\u00e9ologiques : Er\u00e9bouni et Karmir Blour - CRAterre\" \/>\n<meta property=\"og:description\" content=\"Objectifs Mettre en place un chantier \u00e9cole et lancer une [&hellip;]\" \/>\n<meta property=\"og:url\" content=\"https:\/\/craterre.org\/en\/case\/conservation-et-mise-en-valeur-de-sites-archeologiques-erebouni-et-karmir-blour\/\" \/>\n<meta property=\"og:site_name\" content=\"CRAterre\" \/>\n<meta property=\"article:publisher\" content=\"https:\/\/www.facebook.com\/centrecraterre\" \/>\n<meta property=\"og:image\" content=\"https:\/\/craterre.org\/wp-content\/uploads\/2025\/05\/ARM2022_07_EREBUNI-et-KARMIR-BLUR_GandreauD-149.jpg\" \/>\n\t<meta property=\"og:image:width\" content=\"700\" \/>\n\t<meta property=\"og:image:height\" content=\"466\" \/>\n\t<meta property=\"og:image:type\" content=\"image\/jpeg\" \/>\n<meta name=\"twitter:card\" content=\"summary_large_image\" \/>\n<meta name=\"twitter:label1\" content=\"Est. reading time\" \/>\n\t<meta name=\"twitter:data1\" content=\"7 minutes\" \/>\n<script type=\"application\/ld+json\" class=\"yoast-schema-graph\">{\"@context\":\"https:\/\/schema.org\",\"@graph\":[{\"@type\":\"WebPage\",\"@id\":\"https:\/\/craterre.org\/case\/conservation-et-mise-en-valeur-de-sites-archeologiques-erebouni-et-karmir-blour\/\",\"url\":\"https:\/\/craterre.org\/case\/conservation-et-mise-en-valeur-de-sites-archeologiques-erebouni-et-karmir-blour\/\",\"name\":\"Conservation et mise en valeur de sites arch\u00e9ologiques : Er\u00e9bouni et Karmir Blour - CRAterre\",\"isPartOf\":{\"@id\":\"https:\/\/craterre.org\/#website\"},\"datePublished\":\"2025-05-26T15:06:02+00:00\",\"dateModified\":\"2025-05-26T15:06:02+00:00\",\"breadcrumb\":{\"@id\":\"https:\/\/craterre.org\/case\/conservation-et-mise-en-valeur-de-sites-archeologiques-erebouni-et-karmir-blour\/#breadcrumb\"},\"inLanguage\":\"en-US\",\"potentialAction\":[{\"@type\":\"ReadAction\",\"target\":[\"https:\/\/craterre.org\/case\/conservation-et-mise-en-valeur-de-sites-archeologiques-erebouni-et-karmir-blour\/\"]}]},{\"@type\":\"BreadcrumbList\",\"@id\":\"https:\/\/craterre.org\/case\/conservation-et-mise-en-valeur-de-sites-archeologiques-erebouni-et-karmir-blour\/#breadcrumb\",\"itemListElement\":[{\"@type\":\"ListItem\",\"position\":1,\"name\":\"Portfolio\",\"item\":\"https:\/\/craterre.org\/case\/\"},{\"@type\":\"ListItem\",\"position\":2,\"name\":\"Conservation et mise en valeur de sites arch\u00e9ologiques : Er\u00e9bouni et Karmir Blour\"}]},{\"@type\":\"WebSite\",\"@id\":\"https:\/\/craterre.org\/#website\",\"url\":\"https:\/\/craterre.org\/\",\"name\":\"CRAterre\",\"description\":\"\",\"publisher\":{\"@id\":\"https:\/\/craterre.org\/#organization\"},\"potentialAction\":[{\"@type\":\"SearchAction\",\"target\":{\"@type\":\"EntryPoint\",\"urlTemplate\":\"https:\/\/craterre.org\/?s={search_term_string}\"},\"query-input\":\"required name=search_term_string\"}],\"inLanguage\":\"en-US\"},{\"@type\":\"Organization\",\"@id\":\"https:\/\/craterre.org\/#organization\",\"name\":\"CRAterre\",\"url\":\"https:\/\/craterre.org\/\",\"logo\":{\"@type\":\"ImageObject\",\"inLanguage\":\"en-US\",\"@id\":\"https:\/\/craterre.org\/#\/schema\/logo\/image\/\",\"url\":\"https:\/\/craterre.org\/wp-content\/uploads\/2024\/04\/CRAterre-logo-indiv.png\",\"contentUrl\":\"https:\/\/craterre.org\/wp-content\/uploads\/2024\/04\/CRAterre-logo-indiv.png\",\"width\":1618,\"height\":661,\"caption\":\"CRAterre\"},\"image\":{\"@id\":\"https:\/\/craterre.org\/#\/schema\/logo\/image\/\"},\"sameAs\":[\"https:\/\/www.facebook.com\/centrecraterre\"]}]}<\/script>\n<!-- \/ Yoast SEO plugin. -->","yoast_head_json":{"title":"Conservation et mise en valeur de sites arch\u00e9ologiques : Er\u00e9bouni et Karmir Blour - CRAterre","robots":{"index":"index","follow":"follow","max-snippet":"max-snippet:-1","max-image-preview":"max-image-preview:large","max-video-preview":"max-video-preview:-1"},"canonical":"https:\/\/craterre.org\/en\/case\/conservation-et-mise-en-valeur-de-sites-archeologiques-erebouni-et-karmir-blour\/","og_locale":"en_US","og_type":"article","og_title":"Conservation et mise en valeur de sites arch\u00e9ologiques : Er\u00e9bouni et Karmir Blour - CRAterre","og_description":"Objectifs Mettre en place un chantier \u00e9cole et lancer une [&hellip;]","og_url":"https:\/\/craterre.org\/en\/case\/conservation-et-mise-en-valeur-de-sites-archeologiques-erebouni-et-karmir-blour\/","og_site_name":"CRAterre","article_publisher":"https:\/\/www.facebook.com\/centrecraterre","og_image":[{"width":700,"height":466,"url":"https:\/\/craterre.org\/wp-content\/uploads\/2025\/05\/ARM2022_07_EREBUNI-et-KARMIR-BLUR_GandreauD-149.jpg","type":"image\/jpeg"}],"twitter_card":"summary_large_image","twitter_misc":{"Est. reading time":"7 minutes"},"schema":{"@context":"https:\/\/schema.org","@graph":[{"@type":"WebPage","@id":"https:\/\/craterre.org\/case\/conservation-et-mise-en-valeur-de-sites-archeologiques-erebouni-et-karmir-blour\/","url":"https:\/\/craterre.org\/case\/conservation-et-mise-en-valeur-de-sites-archeologiques-erebouni-et-karmir-blour\/","name":"Conservation et mise en valeur de sites arch\u00e9ologiques : Er\u00e9bouni et Karmir Blour - CRAterre","isPartOf":{"@id":"https:\/\/craterre.org\/#website"},"datePublished":"2025-05-26T15:06:02+00:00","dateModified":"2025-05-26T15:06:02+00:00","breadcrumb":{"@id":"https:\/\/craterre.org\/case\/conservation-et-mise-en-valeur-de-sites-archeologiques-erebouni-et-karmir-blour\/#breadcrumb"},"inLanguage":"en-US","potentialAction":[{"@type":"ReadAction","target":["https:\/\/craterre.org\/case\/conservation-et-mise-en-valeur-de-sites-archeologiques-erebouni-et-karmir-blour\/"]}]},{"@type":"BreadcrumbList","@id":"https:\/\/craterre.org\/case\/conservation-et-mise-en-valeur-de-sites-archeologiques-erebouni-et-karmir-blour\/#breadcrumb","itemListElement":[{"@type":"ListItem","position":1,"name":"Portfolio","item":"https:\/\/craterre.org\/case\/"},{"@type":"ListItem","position":2,"name":"Conservation et mise en valeur de sites arch\u00e9ologiques : Er\u00e9bouni et Karmir Blour"}]},{"@type":"WebSite","@id":"https:\/\/craterre.org\/#website","url":"https:\/\/craterre.org\/","name":"\u200eCRAterre","description":"","publisher":{"@id":"https:\/\/craterre.org\/#organization"},"potentialAction":[{"@type":"SearchAction","target":{"@type":"EntryPoint","urlTemplate":"https:\/\/craterre.org\/?s={search_term_string}"},"query-input":"required name=search_term_string"}],"inLanguage":"en-US"},{"@type":"Organization","@id":"https:\/\/craterre.org\/#organization","name":"\u200eCRAterre","url":"https:\/\/craterre.org\/","logo":{"@type":"ImageObject","inLanguage":"en-US","@id":"https:\/\/craterre.org\/#\/schema\/logo\/image\/","url":"https:\/\/craterre.org\/wp-content\/uploads\/2024\/04\/CRAterre-logo-indiv.png","contentUrl":"https:\/\/craterre.org\/wp-content\/uploads\/2024\/04\/CRAterre-logo-indiv.png","width":1618,"height":661,"caption":"CRAterre"},"image":{"@id":"https:\/\/craterre.org\/#\/schema\/logo\/image\/"},"sameAs":["https:\/\/www.facebook.com\/centrecraterre"]}]}},"_links":{"self":[{"href":"https:\/\/craterre.org\/en\/wp-json\/wp\/v2\/avada_portfolio\/2945"}],"collection":[{"href":"https:\/\/craterre.org\/en\/wp-json\/wp\/v2\/avada_portfolio"}],"about":[{"href":"https:\/\/craterre.org\/en\/wp-json\/wp\/v2\/types\/avada_portfolio"}],"author":[{"embeddable":true,"href":"https:\/\/craterre.org\/en\/wp-json\/wp\/v2\/users\/2"}],"replies":[{"embeddable":true,"href":"https:\/\/craterre.org\/en\/wp-json\/wp\/v2\/comments?post=2945"}],"version-history":[{"count":4,"href":"https:\/\/craterre.org\/en\/wp-json\/wp\/v2\/avada_portfolio\/2945\/revisions"}],"predecessor-version":[{"id":5368,"href":"https:\/\/craterre.org\/en\/wp-json\/wp\/v2\/avada_portfolio\/2945\/revisions\/5368"}],"wp:featuredmedia":[{"embeddable":true,"href":"https:\/\/craterre.org\/en\/wp-json\/wp\/v2\/media\/5920"}],"wp:attachment":[{"href":"https:\/\/craterre.org\/en\/wp-json\/wp\/v2\/media?parent=2945"}],"wp:term":[{"taxonomy":"portfolio_category","embeddable":true,"href":"https:\/\/craterre.org\/en\/wp-json\/wp\/v2\/portfolio_category?post=2945"},{"taxonomy":"portfolio_skills","embeddable":true,"href":"https:\/\/craterre.org\/en\/wp-json\/wp\/v2\/portfolio_skills?post=2945"},{"taxonomy":"portfolio_tags","embeddable":true,"href":"https:\/\/craterre.org\/en\/wp-json\/wp\/v2\/portfolio_tags?post=2945"}],"curies":[{"name":"wp","href":"https:\/\/api.w.org\/{rel}","templated":true}]}}