

{"id":2497,"date":"2024-10-02T08:55:27","date_gmt":"2024-10-02T08:55:27","guid":{"rendered":"https:\/\/craterre.org\/?post_type=avada_portfolio&#038;p=2497"},"modified":"2024-10-02T08:55:27","modified_gmt":"2024-10-02T08:55:27","slug":"sauvegarde-du-patrimoine-de-tombouctou","status":"publish","type":"avada_portfolio","link":"https:\/\/craterre.org\/en\/case\/sauvegarde-du-patrimoine-de-tombouctou\/","title":{"rendered":"Safeguarding Timbuktu's heritage"},"content":{"rendered":"<div class=\"fusion-fullwidth fullwidth-box fusion-builder-row-3 fusion-flex-container nonhundred-percent-fullwidth non-hundred-percent-height-scrolling\">\n<div class=\"fusion-builder-row fusion-row fusion-flex-align-items-stretch fusion-flex-content-wrap\">\n<div class=\"fusion-layout-column fusion_builder_column fusion-builder-column-3 fusion_builder_column_1_1 1_1 fusion-flex-column\">\n<div class=\"fusion-column-wrapper fusion-column-has-shadow fusion-flex-justify-content-flex-start fusion-content-layout-column\">\n<div class=\"fusion-title title fusion-title-3 fusion-sep-none fusion-title-text fusion-title-size-one\">\n<h1 class=\"fusion-title-heading title-heading-left fusion-responsive-typography-calculated\">A symbolic first step<\/h1>\n<\/div>\n<div class=\"fusion-title title fusion-title-4 fusion-sep-none fusion-title-text fusion-title-size-div\">\n<div class=\"fusion-title-heading title-heading-left title-heading-tag fusion-responsive-typography-calculated\">\n<p>After the interruption caused by the occupation of the city of Timbuktu by terrorists and other armed groups, Mali's National Directorate for Cultural Heritage and UNESCO helped the local population to carry out the traditional plastering work on the minaret and eastern wall of the Great Mosque of Djinguarey Ber. This operation, which we advocated at the seminars organized by UNESCO and the MCC (Paris, February 19; Bamako, June 8) in collaboration with Mali's Ministry of Culture, is highly symbolic. On the one hand, it represents the population's takeover of this major monument to the city and its identity. Secondly, by uniting all the different components of the population around a single goal, it has played a unifying role. Finally, it is also a sign, eagerly awaited by the people of Timbuktu, of the launch of solidarity actions which we hope will soon enable life to return to normal in Timbuktu.<\/p>\n<\/div>\n<\/div>\n<\/div>\n<\/div>\n<div class=\"fusion-layout-column fusion_builder_column fusion-builder-column-4 fusion_builder_column_2_5 2_5 fusion-flex-column\">\n<div class=\"fusion-column-wrapper fusion-column-has-shadow fusion-flex-justify-content-flex-start fusion-content-layout-column\">\n<div class=\"fusion-image-element\"><span class=\"fusion-imageframe imageframe-none imageframe-2 hover-type-none\"><img decoding=\"async\" class=\"img-responsive wp-image-2868 lazyautosizes ls-is-cached lazyloaded\" title=\"screen\" src=\"https:\/\/craterre.org\/wp-content\/uploads\/2024\/01\/screen-17.jpg\" sizes=\"480px\" srcset=\"https:\/\/craterre.org\/wp-content\/uploads\/2024\/01\/screen-17-200x265.jpg 200w, https:\/\/craterre.org\/wp-content\/uploads\/2024\/01\/screen-17-400x531.jpg 400w, https:\/\/craterre.org\/wp-content\/uploads\/2024\/01\/screen-17.jpg 480w\" alt=\"\" width=\"480\" height=\"637\" data-orig-src=\"https:\/\/craterre.org\/wp-content\/uploads\/2024\/01\/screen-17.jpg\" data-srcset=\"https:\/\/craterre.org\/wp-content\/uploads\/2024\/01\/screen-17-200x265.jpg 200w, https:\/\/craterre.org\/wp-content\/uploads\/2024\/01\/screen-17-400x531.jpg 400w, https:\/\/craterre.org\/wp-content\/uploads\/2024\/01\/screen-17.jpg 480w\" data-sizes=\"auto\" data-orig-sizes=\"(max-width: 640px) 100vw, 480px\" \/><\/span><\/div>\n<\/div>\n<\/div>\n<div class=\"fusion-layout-column fusion_builder_column fusion-builder-column-5 fusion_builder_column_3_5 3_5 fusion-flex-column\">\n<div class=\"fusion-column-wrapper fusion-column-has-shadow fusion-flex-justify-content-flex-start fusion-content-layout-column\">\n<div class=\"fusion-text fusion-text-1\">\n<h2 class=\"fusion-responsive-typography-calculated\" data-fontsize=\"34\" data-lineheight=\"38.08px\">Text by Alpha Diop \/ DNPC-UNESCO Mission, August 2013<\/h2>\n<p>After an interruption of around two rainy seasons, due to the occupation of the city of Timbuktu by terrorists and other armed groups, the plastering of the minaret and acroterial wall of the Grand Mosque of Djinguareyber took place on Thursday, August 15, 2013.\u00a0<em>deux saisons des pluies<\/em>, due \u00e0 l\u2019occupation de la ville de Tombouctou par les terroristes et autres groupes arm\u00e9s, il a \u00e9t\u00e9 proc\u00e9d\u00e9 le jeudi 15 Ao\u00fbt 2013 au cr\u00e9pissage du minaret et du mur acrot\u00e8re de la grande mosqu\u00e9e de Djinguareyber.<\/p>\n<p>As usual, preparations were coordinated by the Imam, the mosque's management committee and the traditional masons' guild with the head of the masons' guild, responsible for the Djingareyber mosque.<\/p>\n<p>On the morning of this August 15, 2013, under the supervision of the traditional masons, a final mixing of the banco plaster that had already been prepared for several days was first carried out. The technique used here is known as \u201crotting\u201d. Rice and millet husks were added to the banco mixture.<\/p>\n<p>Baobab (or monkey pine) powder is added to plaster the eastern and southern facades. This powder makes the plaster more resistant to rainwater, which in Timbuktu comes mainly from the east and sometimes from the south.<\/p>\n<p>The people of Timbuktu take an active part in the traditional plastering of the mosque.<\/p>\n<p>This year, the plaster was prepared in bins to the south of the mosque. It was transported by the youngsters from the bins to the roof of the mosque.<\/p>\n<p>When a large quantity of plaster had been transported to the roof, the symbolic start of the work was given by the head of the traditional masons responsible for the upkeep of the mosque (usually a single family is in charge).<\/p>\n<p>The morning's work covered the north and west faces of the central minaret, as well as the acroterial walls on the west and south sides of the mosque.<\/p>\n<p>Plastering work on the east and south facades of the minaret is scheduled for the afternoon after the Asr prayer (4pm).<\/p>\n<p>The start of this work is marked by the \u201cceremonial cotton strip\u201d.<\/p>\n<p>This strip of cotton is prepared by the<strong>\u200e old masons<\/strong>\u200e with knots, and incantations are also said. It is then threaded onto the<strong>\u200e young masons<\/strong>\u200e who climb to the top of the minaret to begin plastering its eastern facade.<\/p>\n<p>This strip of cotton cloth, which is given by the elders to the young masons, is a sort of umbilical link between the generations and is supposed to protect the workers from accidents (falls) during the work.<\/p>\n<p>At the end of the plastering work, the Imam of the Djingareyber mosque, surrounded for the occasion by those of the Sankor\u00e9 and Sidi Yahia mosques, offered his blessings to all participants and to the entire population of the town.<\/p>\n<\/div>\n<\/div>\n<\/div>\n<\/div>\n<\/div>\n<div class=\"fusion-fullwidth fullwidth-box fusion-builder-row-4 fusion-flex-container has-pattern-background has-mask-background nonhundred-percent-fullwidth non-hundred-percent-height-scrolling\">\n<div class=\"fusion-builder-row fusion-row fusion-flex-align-items-flex-start fusion-flex-content-wrap\">\n<div class=\"fusion-layout-column fusion_builder_column fusion-builder-column-6 fusion_builder_column_1_1 1_1 fusion-flex-column\">\n<div class=\"fusion-column-wrapper fusion-column-has-shadow fusion-flex-justify-content-flex-start fusion-content-layout-column\">\n<div class=\"fusion-text fusion-text-2\">\n<div id=\"project_view_description\">\n<h2 class=\"fusion-responsive-typography-calculated\" data-fontsize=\"34\" data-lineheight=\"38.08px\">Partners<\/h2>\n<p>Direction nationale du patrimoine culturel du Mali, UNESCO<\/p>\n<\/div>\n<\/div>\n<\/div>\n<\/div>\n<\/div>\n<\/div>","protected":false},"excerpt":{"rendered":"<p>Une premi\u00e8re \u00e9tape de haute port\u00e9e symbolique Apr\u00e8s l\u2019interruption due [&hellip;]<\/p>","protected":false},"author":2,"featured_media":2868,"menu_order":0,"comment_status":"closed","ping_status":"closed","template":"","format":"standard","meta":[],"portfolio_category":[28],"portfolio_skills":[],"portfolio_tags":[29],"yoast_head":"<!-- This site is optimized with the Yoast SEO plugin v21.2 - https:\/\/yoast.com\/wordpress\/plugins\/seo\/ -->\n<title>Sauvegarde du patrimoine de Tombouctou - CRAterre<\/title>\n<meta name=\"robots\" content=\"index, follow, max-snippet:-1, max-image-preview:large, max-video-preview:-1\" \/>\n<link rel=\"canonical\" href=\"https:\/\/craterre.org\/en\/case\/sauvegarde-du-patrimoine-de-tombouctou\/\" \/>\n<meta property=\"og:locale\" content=\"en_US\" \/>\n<meta property=\"og:type\" content=\"article\" \/>\n<meta property=\"og:title\" content=\"Sauvegarde du patrimoine de Tombouctou - CRAterre\" \/>\n<meta property=\"og:description\" content=\"Une premi\u00e8re \u00e9tape de haute port\u00e9e symbolique Apr\u00e8s l\u2019interruption due [&hellip;]\" \/>\n<meta property=\"og:url\" content=\"https:\/\/craterre.org\/en\/case\/sauvegarde-du-patrimoine-de-tombouctou\/\" \/>\n<meta property=\"og:site_name\" content=\"CRAterre\" \/>\n<meta property=\"article:publisher\" content=\"https:\/\/www.facebook.com\/centrecraterre\" \/>\n<meta property=\"og:image\" content=\"https:\/\/craterre.org\/wp-content\/uploads\/2024\/01\/screen-17.jpg\" \/>\n\t<meta property=\"og:image:width\" content=\"480\" \/>\n\t<meta property=\"og:image:height\" content=\"637\" \/>\n\t<meta property=\"og:image:type\" content=\"image\/jpeg\" \/>\n<meta name=\"twitter:card\" content=\"summary_large_image\" \/>\n<meta name=\"twitter:label1\" content=\"Est. reading time\" \/>\n\t<meta name=\"twitter:data1\" content=\"8 minutes\" \/>\n<script type=\"application\/ld+json\" class=\"yoast-schema-graph\">{\"@context\":\"https:\/\/schema.org\",\"@graph\":[{\"@type\":\"WebPage\",\"@id\":\"https:\/\/craterre.org\/case\/sauvegarde-du-patrimoine-de-tombouctou\/\",\"url\":\"https:\/\/craterre.org\/case\/sauvegarde-du-patrimoine-de-tombouctou\/\",\"name\":\"Sauvegarde du patrimoine de Tombouctou - CRAterre\",\"isPartOf\":{\"@id\":\"https:\/\/craterre.org\/#website\"},\"datePublished\":\"2024-10-02T08:55:27+00:00\",\"dateModified\":\"2024-10-02T08:55:27+00:00\",\"breadcrumb\":{\"@id\":\"https:\/\/craterre.org\/case\/sauvegarde-du-patrimoine-de-tombouctou\/#breadcrumb\"},\"inLanguage\":\"en-US\",\"potentialAction\":[{\"@type\":\"ReadAction\",\"target\":[\"https:\/\/craterre.org\/case\/sauvegarde-du-patrimoine-de-tombouctou\/\"]}]},{\"@type\":\"BreadcrumbList\",\"@id\":\"https:\/\/craterre.org\/case\/sauvegarde-du-patrimoine-de-tombouctou\/#breadcrumb\",\"itemListElement\":[{\"@type\":\"ListItem\",\"position\":1,\"name\":\"Portfolio\",\"item\":\"https:\/\/craterre.org\/case\/\"},{\"@type\":\"ListItem\",\"position\":2,\"name\":\"Sauvegarde du patrimoine de Tombouctou\"}]},{\"@type\":\"WebSite\",\"@id\":\"https:\/\/craterre.org\/#website\",\"url\":\"https:\/\/craterre.org\/\",\"name\":\"CRAterre\",\"description\":\"\",\"publisher\":{\"@id\":\"https:\/\/craterre.org\/#organization\"},\"potentialAction\":[{\"@type\":\"SearchAction\",\"target\":{\"@type\":\"EntryPoint\",\"urlTemplate\":\"https:\/\/craterre.org\/?s={search_term_string}\"},\"query-input\":\"required name=search_term_string\"}],\"inLanguage\":\"en-US\"},{\"@type\":\"Organization\",\"@id\":\"https:\/\/craterre.org\/#organization\",\"name\":\"CRAterre\",\"url\":\"https:\/\/craterre.org\/\",\"logo\":{\"@type\":\"ImageObject\",\"inLanguage\":\"en-US\",\"@id\":\"https:\/\/craterre.org\/#\/schema\/logo\/image\/\",\"url\":\"https:\/\/craterre.org\/wp-content\/uploads\/2024\/04\/CRAterre-logo-indiv.png\",\"contentUrl\":\"https:\/\/craterre.org\/wp-content\/uploads\/2024\/04\/CRAterre-logo-indiv.png\",\"width\":1618,\"height\":661,\"caption\":\"CRAterre\"},\"image\":{\"@id\":\"https:\/\/craterre.org\/#\/schema\/logo\/image\/\"},\"sameAs\":[\"https:\/\/www.facebook.com\/centrecraterre\"]}]}<\/script>\n<!-- \/ Yoast SEO plugin. -->","yoast_head_json":{"title":"Sauvegarde du patrimoine de Tombouctou - CRAterre","robots":{"index":"index","follow":"follow","max-snippet":"max-snippet:-1","max-image-preview":"max-image-preview:large","max-video-preview":"max-video-preview:-1"},"canonical":"https:\/\/craterre.org\/en\/case\/sauvegarde-du-patrimoine-de-tombouctou\/","og_locale":"en_US","og_type":"article","og_title":"Sauvegarde du patrimoine de Tombouctou - CRAterre","og_description":"Une premi\u00e8re \u00e9tape de haute port\u00e9e symbolique Apr\u00e8s l\u2019interruption due [&hellip;]","og_url":"https:\/\/craterre.org\/en\/case\/sauvegarde-du-patrimoine-de-tombouctou\/","og_site_name":"CRAterre","article_publisher":"https:\/\/www.facebook.com\/centrecraterre","og_image":[{"width":480,"height":637,"url":"https:\/\/craterre.org\/wp-content\/uploads\/2024\/01\/screen-17.jpg","type":"image\/jpeg"}],"twitter_card":"summary_large_image","twitter_misc":{"Est. reading time":"8 minutes"},"schema":{"@context":"https:\/\/schema.org","@graph":[{"@type":"WebPage","@id":"https:\/\/craterre.org\/case\/sauvegarde-du-patrimoine-de-tombouctou\/","url":"https:\/\/craterre.org\/case\/sauvegarde-du-patrimoine-de-tombouctou\/","name":"Sauvegarde du patrimoine de Tombouctou - CRAterre","isPartOf":{"@id":"https:\/\/craterre.org\/#website"},"datePublished":"2024-10-02T08:55:27+00:00","dateModified":"2024-10-02T08:55:27+00:00","breadcrumb":{"@id":"https:\/\/craterre.org\/case\/sauvegarde-du-patrimoine-de-tombouctou\/#breadcrumb"},"inLanguage":"en-US","potentialAction":[{"@type":"ReadAction","target":["https:\/\/craterre.org\/case\/sauvegarde-du-patrimoine-de-tombouctou\/"]}]},{"@type":"BreadcrumbList","@id":"https:\/\/craterre.org\/case\/sauvegarde-du-patrimoine-de-tombouctou\/#breadcrumb","itemListElement":[{"@type":"ListItem","position":1,"name":"Portfolio","item":"https:\/\/craterre.org\/case\/"},{"@type":"ListItem","position":2,"name":"Sauvegarde du patrimoine de Tombouctou"}]},{"@type":"WebSite","@id":"https:\/\/craterre.org\/#website","url":"https:\/\/craterre.org\/","name":"\u200eCRAterre","description":"","publisher":{"@id":"https:\/\/craterre.org\/#organization"},"potentialAction":[{"@type":"SearchAction","target":{"@type":"EntryPoint","urlTemplate":"https:\/\/craterre.org\/?s={search_term_string}"},"query-input":"required name=search_term_string"}],"inLanguage":"en-US"},{"@type":"Organization","@id":"https:\/\/craterre.org\/#organization","name":"\u200eCRAterre","url":"https:\/\/craterre.org\/","logo":{"@type":"ImageObject","inLanguage":"en-US","@id":"https:\/\/craterre.org\/#\/schema\/logo\/image\/","url":"https:\/\/craterre.org\/wp-content\/uploads\/2024\/04\/CRAterre-logo-indiv.png","contentUrl":"https:\/\/craterre.org\/wp-content\/uploads\/2024\/04\/CRAterre-logo-indiv.png","width":1618,"height":661,"caption":"CRAterre"},"image":{"@id":"https:\/\/craterre.org\/#\/schema\/logo\/image\/"},"sameAs":["https:\/\/www.facebook.com\/centrecraterre"]}]}},"_links":{"self":[{"href":"https:\/\/craterre.org\/en\/wp-json\/wp\/v2\/avada_portfolio\/2497"}],"collection":[{"href":"https:\/\/craterre.org\/en\/wp-json\/wp\/v2\/avada_portfolio"}],"about":[{"href":"https:\/\/craterre.org\/en\/wp-json\/wp\/v2\/types\/avada_portfolio"}],"author":[{"embeddable":true,"href":"https:\/\/craterre.org\/en\/wp-json\/wp\/v2\/users\/2"}],"replies":[{"embeddable":true,"href":"https:\/\/craterre.org\/en\/wp-json\/wp\/v2\/comments?post=2497"}],"version-history":[{"count":3,"href":"https:\/\/craterre.org\/en\/wp-json\/wp\/v2\/avada_portfolio\/2497\/revisions"}],"predecessor-version":[{"id":5378,"href":"https:\/\/craterre.org\/en\/wp-json\/wp\/v2\/avada_portfolio\/2497\/revisions\/5378"}],"wp:featuredmedia":[{"embeddable":true,"href":"https:\/\/craterre.org\/en\/wp-json\/wp\/v2\/media\/2868"}],"wp:attachment":[{"href":"https:\/\/craterre.org\/en\/wp-json\/wp\/v2\/media?parent=2497"}],"wp:term":[{"taxonomy":"portfolio_category","embeddable":true,"href":"https:\/\/craterre.org\/en\/wp-json\/wp\/v2\/portfolio_category?post=2497"},{"taxonomy":"portfolio_skills","embeddable":true,"href":"https:\/\/craterre.org\/en\/wp-json\/wp\/v2\/portfolio_skills?post=2497"},{"taxonomy":"portfolio_tags","embeddable":true,"href":"https:\/\/craterre.org\/en\/wp-json\/wp\/v2\/portfolio_tags?post=2497"}],"curies":[{"name":"wp","href":"https:\/\/api.w.org\/{rel}","templated":true}]}}